{"id":366,"date":"2021-08-25T17:33:10","date_gmt":"2021-08-25T20:33:10","guid":{"rendered":"http:\/\/rebes.cf\/?page_id=366"},"modified":"2022-09-14T16:25:57","modified_gmt":"2022-09-14T19:25:57","slug":"bibliotecas-participantes","status":"publish","type":"page","link":"https:\/\/rebes.cf\/index.php\/bibliotecas-participantes\/","title":{"rendered":"Bibliotecas participantes"},"content":{"rendered":"\n<hr class=\"wp-block-separator has-text-color has-background has-black-background-color has-black-color is-style-wide\"\/>\n\n\n\n<div class=\"wp-block-media-text is-stacked-on-mobile has-black-color has-vivid-cyan-blue-background-color has-text-color has-background\" style=\"grid-template-columns:22% auto\"><figure class=\"wp-block-media-text__media\"><a href=\"https:\/\/ens9004-infd.mendoza.edu.ar\/sitio\/biblioteca\" target=\"_blank\" rel=\"Sitio Institucional noopener noreferrer\"><img loading=\"lazy\" decoding=\"async\" width=\"100\" height=\"100\" src=\"https:\/\/rebes.cf\/wp-content\/uploads\/2021\/08\/Diseno-sin-titulo-4-e1629420558362.png\" alt=\"\" class=\"wp-image-205\"\/><\/a><\/figure><div class=\"wp-block-media-text__content\">\n<p class=\"has-white-color has-text-color\"><strong>Normal Superior &#8220;General Toribio de Luzuriaga&#8221;<\/strong> <strong><em>IES T-004 <\/em><\/strong><\/p>\n\n\n\n<p class=\"has-white-color has-text-color\">Contacto: Daniel Doffo<\/p>\n\n\n\n<p class=\"has-white-color has-text-color\">Correo: <a href=\"mailto:bibliotecanormalsuperior@gmail.com\" target=\"_blank\" rel=\"noreferrer noopener\">bibliotecanormalsuperior@gmail.com<\/a><\/p>\n<\/div><\/div>\n\n\n\n<div class=\"wp-block-media-text is-stacked-on-mobile has-vivid-cyan-blue-background-color has-background\" style=\"grid-template-columns:21% auto\"><figure class=\"wp-block-media-text__media\"><a href=\"https:\/\/www.bibliotecadonbosco.com.ar\/\" target=\"_blank\" rel=\"noopener noreferrer\"><img loading=\"lazy\" decoding=\"async\" width=\"512\" height=\"512\" src=\"https:\/\/rebes.cf\/wp-content\/uploads\/2021\/08\/Rodeo-del-Medio-2.png\" alt=\"\" class=\"wp-image-372\" srcset=\"https:\/\/rebes.cf\/wp-content\/uploads\/2021\/08\/Rodeo-del-Medio-2.png 512w, https:\/\/rebes.cf\/wp-content\/uploads\/2021\/08\/Rodeo-del-Medio-2-300x300.png 300w, https:\/\/rebes.cf\/wp-content\/uploads\/2021\/08\/Rodeo-del-Medio-2-150x150.png 150w\" sizes=\"auto, (max-width: 512px) 100vw, 512px\" \/><\/a><\/figure><div class=\"wp-block-media-text__content\">\n<p class=\"has-white-color has-text-color\"><strong>Tecnicatura Superior en Enolog\u00eda e Industria de los alimentos Don Bosco<em> PT &#8211; 021<\/em><\/strong><\/p>\n\n\n\n<p class=\"has-white-color has-text-color\">Contacto: Adri\u00e1n Arga\u00f1araz<\/p>\n\n\n\n<p class=\"has-white-color has-text-color\">Correo: <a href=\"mailto:aarganaraz@donbosco.org.ar\" target=\"_blank\" rel=\"noreferrer noopener\">aarganaraz@donbosco.org.ar<\/a><\/p>\n<\/div><\/div>\n\n\n\n<div class=\"wp-block-media-text is-stacked-on-mobile has-vivid-cyan-blue-background-color has-background\" style=\"grid-template-columns:21% auto\"><figure class=\"wp-block-media-text__media\"><a href=\"https:\/\/ief9-016.edu.ar\/biblioteca\/\" target=\"_blank\" rel=\"noopener noreferrer\"><img loading=\"lazy\" decoding=\"async\" width=\"512\" height=\"512\" src=\"https:\/\/rebes.cf\/wp-content\/uploads\/2021\/08\/Diseno-sin-titulo-9.png\" alt=\"\" class=\"wp-image-373\" srcset=\"https:\/\/rebes.cf\/wp-content\/uploads\/2021\/08\/Diseno-sin-titulo-9.png 512w, https:\/\/rebes.cf\/wp-content\/uploads\/2021\/08\/Diseno-sin-titulo-9-300x300.png 300w, https:\/\/rebes.cf\/wp-content\/uploads\/2021\/08\/Diseno-sin-titulo-9-150x150.png 150w\" sizes=\"auto, (max-width: 512px) 100vw, 512px\" \/><\/a><\/figure><div class=\"wp-block-media-text__content\">\n<p class=\"has-white-color has-text-color\"><strong><em>INSTITUTO DE EDUCACI\u00d3N F\u00cdSICA<\/em>&nbsp;NO.9-016. \u00abDR. JORGE&nbsp;<em>E<\/em>.&nbsp;<em>COLL<\/em><\/strong><\/p>\n\n\n\n<p class=\"has-white-color has-text-color\">Contacto: Karen Mariano<\/p>\n\n\n\n<p class=\"has-white-color has-text-color\">Correo: <a href=\"mailto:biblioteca@ief9-016.edu.ar\" target=\"_blank\" rel=\"noreferrer noopener\">biblioteca@ief9-016.edu.ar<\/a><\/p>\n<\/div><\/div>\n\n\n\n<div class=\"wp-block-media-text is-stacked-on-mobile has-black-color has-vivid-cyan-blue-background-color has-text-color has-background\" style=\"grid-template-columns:21% auto\"><figure class=\"wp-block-media-text__media\"><a href=\"http:\/\/escueladecinemza.com.ar\/web\/c-i-d\/\" target=\"_blank\" rel=\"noopener noreferrer\"><img loading=\"lazy\" decoding=\"async\" width=\"1024\" height=\"1024\" src=\"https:\/\/rebes.cf\/wp-content\/uploads\/2021\/08\/Logo-ERCCV-Para-perfil-redes-1024x1024.jpg\" alt=\"\" class=\"wp-image-379\" srcset=\"https:\/\/rebes.cf\/wp-content\/uploads\/2021\/08\/Logo-ERCCV-Para-perfil-redes-1024x1024.jpg 1024w, https:\/\/rebes.cf\/wp-content\/uploads\/2021\/08\/Logo-ERCCV-Para-perfil-redes-300x300.jpg 300w, https:\/\/rebes.cf\/wp-content\/uploads\/2021\/08\/Logo-ERCCV-Para-perfil-redes-150x150.jpg 150w, https:\/\/rebes.cf\/wp-content\/uploads\/2021\/08\/Logo-ERCCV-Para-perfil-redes-768x768.jpg 768w, https:\/\/rebes.cf\/wp-content\/uploads\/2021\/08\/Logo-ERCCV-Para-perfil-redes-1536x1536.jpg 1536w, https:\/\/rebes.cf\/wp-content\/uploads\/2021\/08\/Logo-ERCCV-Para-perfil-redes-2048x2048.jpg 2048w\" sizes=\"auto, (max-width: 1024px) 100vw, 1024px\" \/><\/a><\/figure><div class=\"wp-block-media-text__content\">\n<p class=\"has-white-color has-text-color\"><strong><em>Esc. Regional Cuyo de Cine y Video<\/em><\/strong> <strong><em>T017<\/em><\/strong><\/p>\n\n\n\n<p class=\"has-white-color has-text-color\">Contacto: Sandra Nieto<\/p>\n\n\n\n<p class=\"has-white-color has-text-color\">Correo: <a href=\"mailto:cid.ecineyvideo@gmail.com\" target=\"_blank\" rel=\"noreferrer noopener\">cid.ecineyvideo@gmail.com<\/a><\/p>\n<\/div><\/div>\n\n\n\n<div class=\"wp-block-media-text is-stacked-on-mobile has-white-color has-vivid-cyan-blue-background-color has-text-color has-background\" style=\"grid-template-columns:20% auto\"><figure class=\"wp-block-media-text__media\"><a href=\"https:\/\/ies9012.edu.ar\/sigeaweb\/index.php\/horarios\/horarios-de-biblioteca\" target=\"_blank\" rel=\"noopener noreferrer\"><img loading=\"lazy\" decoding=\"async\" width=\"642\" height=\"642\" src=\"https:\/\/rebes.cf\/wp-content\/uploads\/2021\/08\/IMG-20210812-WA0057-1.jpg\" alt=\"\" class=\"wp-image-381\" srcset=\"https:\/\/rebes.cf\/wp-content\/uploads\/2021\/08\/IMG-20210812-WA0057-1.jpg 642w, https:\/\/rebes.cf\/wp-content\/uploads\/2021\/08\/IMG-20210812-WA0057-1-300x300.jpg 300w, https:\/\/rebes.cf\/wp-content\/uploads\/2021\/08\/IMG-20210812-WA0057-1-150x150.jpg 150w\" sizes=\"auto, (max-width: 642px) 100vw, 642px\" \/><\/a><\/figure><div class=\"wp-block-media-text__content\">\n<p class=\"has-white-color has-text-color\"><strong>San Rafael en Inform\u00e1tica IES 9-012<\/strong><\/p>\n\n\n\n<p>Contacto: Mariangeles Navas<\/p>\n\n\n\n<p class=\"has-white-color has-text-color\">Correo: <a href=\"mailto:9012biblioteca1@gmail.com\" target=\"_blank\" rel=\"noreferrer noopener\">9012biblioteca1@gmail.com<\/a><\/p>\n<\/div><\/div>\n\n\n\n<div class=\"wp-block-media-text is-stacked-on-mobile has-vivid-cyan-blue-background-color has-background\" style=\"grid-template-columns:20% auto\"><figure class=\"wp-block-media-text__media\"><a href=\"https:\/\/ens9001-infd.mendoza.edu.ar\/sitio\/biblioteca-2\/\" target=\"_blank\" rel=\"noopener noreferrer\"><img loading=\"lazy\" decoding=\"async\" width=\"512\" height=\"512\" src=\"https:\/\/rebes.cf\/wp-content\/uploads\/2021\/08\/Diseno-sin-titulo-5.png\" alt=\"\" class=\"wp-image-382\" srcset=\"https:\/\/rebes.cf\/wp-content\/uploads\/2021\/08\/Diseno-sin-titulo-5.png 512w, https:\/\/rebes.cf\/wp-content\/uploads\/2021\/08\/Diseno-sin-titulo-5-300x300.png 300w, https:\/\/rebes.cf\/wp-content\/uploads\/2021\/08\/Diseno-sin-titulo-5-150x150.png 150w\" sizes=\"auto, (max-width: 512px) 100vw, 512px\" \/><\/a><\/figure><div class=\"wp-block-media-text__content\">\n<p class=\"has-white-color has-text-color\"><strong>IES DyT 9-001 Gral. San Mart\u00edn<\/strong><\/p>\n\n\n\n<p class=\"has-white-color has-text-color\">Contacto: Guillermo Diedrichs,<\/p>\n\n\n\n<p class=\"has-white-color has-text-color\">Correo: <a href=\"mailto:informes9001@gmail.com\" target=\"_blank\" rel=\"noreferrer noopener\">informes9001@gmail.com<\/a><\/p>\n<\/div><\/div>\n\n\n\n<div class=\"wp-block-media-text is-stacked-on-mobile has-black-color has-vivid-cyan-blue-background-color has-text-color has-background\" style=\"grid-template-columns:22% auto\"><figure class=\"wp-block-media-text__media\"><a href=\"https:\/\/ens9004-infd.mendoza.edu.ar\/sitio\/biblioteca\" target=\"_blank\" rel=\"Sitio Institucional noopener noreferrer\"><img loading=\"lazy\" decoding=\"async\" width=\"640\" height=\"640\" src=\"https:\/\/rebes.cf\/wp-content\/uploads\/2021\/09\/9-021-Junin.png\" alt=\"\" class=\"wp-image-516\" srcset=\"https:\/\/rebes.cf\/wp-content\/uploads\/2021\/09\/9-021-Junin.png 640w, https:\/\/rebes.cf\/wp-content\/uploads\/2021\/09\/9-021-Junin-300x300.png 300w, https:\/\/rebes.cf\/wp-content\/uploads\/2021\/09\/9-021-Junin-150x150.png 150w\" sizes=\"auto, (max-width: 640px) 100vw, 640px\" \/><\/a><\/figure><div class=\"wp-block-media-text__content\">\n<p class=\"has-white-color has-text-color\"><strong>Biblioteca IES 9021<\/strong> Instituto de Educaci\u00f3n Superior Tecnol\u00f3gico Jun\u00edn<\/p>\n\n\n\n<p class=\"has-white-color has-text-color\">Contacto: Vanina Gimenez<\/p>\n\n\n\n<p class=\"has-white-color has-text-color\">Correo: <a href=\"mailto:institutosuperior9021@gmail.com\" target=\"_blank\" rel=\"noreferrer noopener\">institutosuperior9021@gmail.com<\/a><\/p>\n<\/div><\/div>\n\n\n\n<div class=\"wp-block-media-text is-stacked-on-mobile has-black-color has-vivid-cyan-blue-background-color has-text-color has-background\" style=\"grid-template-columns:22% auto\"><figure class=\"wp-block-media-text__media\"><a href=\"https:\/\/ens9004-infd.mendoza.edu.ar\/sitio\/biblioteca\" target=\"_blank\" rel=\"Sitio Institucional noopener noreferrer\"><img loading=\"lazy\" decoding=\"async\" width=\"640\" height=\"640\" src=\"https:\/\/rebes.cf\/wp-content\/uploads\/2021\/09\/Tomas-Godoy-Cruz.png\" alt=\"\" class=\"wp-image-517\" srcset=\"https:\/\/rebes.cf\/wp-content\/uploads\/2021\/09\/Tomas-Godoy-Cruz.png 640w, https:\/\/rebes.cf\/wp-content\/uploads\/2021\/09\/Tomas-Godoy-Cruz-300x300.png 300w, https:\/\/rebes.cf\/wp-content\/uploads\/2021\/09\/Tomas-Godoy-Cruz-150x150.png 150w\" sizes=\"auto, (max-width: 640px) 100vw, 640px\" \/><\/a><\/figure><div class=\"wp-block-media-text__content\">\n<p class=\"has-white-color has-text-color\">IES 9-002  Instituto Tom\u00e1s Godoy Cruz\u201d<\/p>\n\n\n\n<p class=\"has-white-color has-text-color\">Contacto: Ana Mar\u00eda Beningazza<\/p>\n\n\n\n<p class=\"has-white-color has-text-color\">Correo: <a href=\"mailto:normal9002@mendoza.edu.ar\" target=\"_blank\" rel=\"noreferrer noopener\">normal9002@mendoza.edu.ar<\/a><\/p>\n<\/div><\/div>\n\n\n\n<div class=\"wp-block-media-text is-stacked-on-mobile has-black-color has-vivid-cyan-blue-background-color has-text-color has-background\" style=\"grid-template-columns:22% auto\"><figure class=\"wp-block-media-text__media\"><a href=\"https:\/\/ens9004-infd.mendoza.edu.ar\/sitio\/biblioteca\" target=\"_blank\" rel=\"Sitio Institucional noopener noreferrer\"><img loading=\"lazy\" decoding=\"async\" width=\"640\" height=\"640\" src=\"https:\/\/rebes.cf\/wp-content\/uploads\/2021\/08\/PT-071-CRUZ-ROJA.png\" alt=\"\" class=\"wp-image-532\" srcset=\"https:\/\/rebes.cf\/wp-content\/uploads\/2021\/08\/PT-071-CRUZ-ROJA.png 640w, https:\/\/rebes.cf\/wp-content\/uploads\/2021\/08\/PT-071-CRUZ-ROJA-300x300.png 300w, https:\/\/rebes.cf\/wp-content\/uploads\/2021\/08\/PT-071-CRUZ-ROJA-150x150.png 150w\" sizes=\"auto, (max-width: 640px) 100vw, 640px\" \/><\/a><\/figure><div class=\"wp-block-media-text__content\">\n<p class=\"has-white-color has-text-color\">PT -071  \u201cCruz Roja Argentina\u201d Filial San Rafael<\/p>\n\n\n\n<p class=\"has-white-color has-text-color\">Contacto: Andrea Greco<\/p>\n\n\n\n<p class=\"has-white-color has-text-color\">Correo: <a href=\"mailto:educa.srafael@cruzroja.org.ar\" target=\"_blank\" rel=\"noreferrer noopener\">educa.srafael@cruzroja.org.ar<\/a><\/p>\n<\/div><\/div>\n\n\n\n<div class=\"wp-block-media-text is-stacked-on-mobile has-black-color has-vivid-cyan-blue-background-color has-text-color has-background\" style=\"grid-template-columns:22% auto\"><figure class=\"wp-block-media-text__media\"><a href=\"https:\/\/ens9004-infd.mendoza.edu.ar\/sitio\/biblioteca\" target=\"_blank\" rel=\"Sitio Institucional noopener noreferrer\"><img loading=\"lazy\" decoding=\"async\" width=\"1024\" height=\"815\" src=\"https:\/\/rebes.cf\/wp-content\/uploads\/2021\/12\/LOGO-IES-2017-1024x815.png\" alt=\"\" class=\"wp-image-595\" srcset=\"https:\/\/rebes.cf\/wp-content\/uploads\/2021\/12\/LOGO-IES-2017-1024x815.png 1024w, https:\/\/rebes.cf\/wp-content\/uploads\/2021\/12\/LOGO-IES-2017-300x239.png 300w, https:\/\/rebes.cf\/wp-content\/uploads\/2021\/12\/LOGO-IES-2017-768x611.png 768w, https:\/\/rebes.cf\/wp-content\/uploads\/2021\/12\/LOGO-IES-2017-1536x1222.png 1536w, https:\/\/rebes.cf\/wp-content\/uploads\/2021\/12\/LOGO-IES-2017-2048x1630.png 2048w\" sizes=\"auto, (max-width: 1024px) 100vw, 1024px\" \/><\/a><\/figure><div class=\"wp-block-media-text__content\">\n<p class=\"has-white-color has-text-color\">IES 9-015 Instituto Ed. Superior Valle de Uco<\/p>\n\n\n\n<p class=\"has-white-color has-text-color\">Contacto: Carina Rodriguez<\/p>\n\n\n\n<p class=\"has-white-color has-text-color\">Correo: <a href=\"mailto:biblio9.015pozzoli@gmail.com\" target=\"_blank\" rel=\"noreferrer noopener\">biblio9.015pozzoli@gmail.com<\/a><\/p>\n<\/div><\/div>\n\n\n\n<div class=\"wp-block-media-text is-stacked-on-mobile has-black-color has-vivid-cyan-blue-background-color has-text-color has-background\" style=\"grid-template-columns:22% auto\"><figure class=\"wp-block-media-text__media\"><a href=\"https:\/\/ens9004-infd.mendoza.edu.ar\/sitio\/biblioteca\" target=\"_blank\" rel=\"Sitio Institucional noopener noreferrer\"><img loading=\"lazy\" decoding=\"async\" width=\"140\" height=\"140\" src=\"https:\/\/rebes.cf\/wp-content\/uploads\/2021\/08\/logo-biblio.jpg\" alt=\"\" class=\"wp-image-340\"\/><\/a><\/figure><div class=\"wp-block-media-text__content\">\n<p class=\"has-white-color has-text-color\">PT &#8211; 047 Instituto Maip\u00fa de Educaci\u00f3n Integral<\/p>\n\n\n\n<p class=\"has-white-color has-text-color\">Contacto: Rosana Martin<\/p>\n\n\n\n<p class=\"has-white-color has-text-color\">Correo: <a href=\"mailto:imeibiblioteca@gmail.com\" target=\"_blank\" rel=\"noreferrer noopener\">imeibiblioteca@gmail.com<\/a><\/p>\n<\/div><\/div>\n\n\n\n<div class=\"wp-block-media-text is-stacked-on-mobile has-black-color has-vivid-cyan-blue-background-color has-text-color has-background\" style=\"grid-template-columns:22% auto\"><figure class=\"wp-block-media-text__media\"><a href=\"https:\/\/ens9004-infd.mendoza.edu.ar\/sitio\/biblioteca\" target=\"_blank\" rel=\"Sitio Institucional noopener noreferrer\"><img loading=\"lazy\" decoding=\"async\" width=\"500\" height=\"500\" src=\"https:\/\/rebes.cf\/wp-content\/uploads\/2022\/09\/9-030-1.png\" alt=\"\" class=\"wp-image-714\" srcset=\"https:\/\/rebes.cf\/wp-content\/uploads\/2022\/09\/9-030-1.png 500w, https:\/\/rebes.cf\/wp-content\/uploads\/2022\/09\/9-030-1-300x300.png 300w, https:\/\/rebes.cf\/wp-content\/uploads\/2022\/09\/9-030-1-150x150.png 150w\" sizes=\"auto, (max-width: 500px) 100vw, 500px\" \/><\/a><\/figure><div class=\"wp-block-media-text__content\">\n<p class=\"has-white-color has-text-color\">IES 9-030 \u201cDel Bicentenario\u201d<\/p>\n\n\n\n<p class=\"has-white-color has-text-color\">Contacto: Laura Couret<\/p>\n\n\n\n<p class=\"has-white-color has-text-color\">Correo: <a href=\"mailto:marialauracourtetbicentenario@gmail.com\" target=\"_blank\" rel=\"noreferrer noopener\">marialauracourtetbicentenario@gmail.com<\/a><\/p>\n<\/div><\/div>\n\n\n\n<div class=\"wp-block-media-text is-stacked-on-mobile has-black-color has-vivid-cyan-blue-background-color has-text-color has-background\" style=\"grid-template-columns:22% auto\"><figure class=\"wp-block-media-text__media\"><a href=\"https:\/\/ens9004-infd.mendoza.edu.ar\/sitio\/biblioteca\" target=\"_blank\" rel=\"Sitio Institucional noopener noreferrer\"><img loading=\"lazy\" decoding=\"async\" width=\"500\" height=\"500\" src=\"https:\/\/rebes.cf\/wp-content\/uploads\/2022\/09\/9-006.png\" alt=\"\" class=\"wp-image-715\" srcset=\"https:\/\/rebes.cf\/wp-content\/uploads\/2022\/09\/9-006.png 500w, https:\/\/rebes.cf\/wp-content\/uploads\/2022\/09\/9-006-300x300.png 300w, https:\/\/rebes.cf\/wp-content\/uploads\/2022\/09\/9-006-150x150.png 150w\" sizes=\"auto, (max-width: 500px) 100vw, 500px\" \/><\/a><\/figure><div class=\"wp-block-media-text__content\">\n<p class=\"has-white-color has-text-color\">IES 9-006 \u201cProfesor Francisco Humberto Tolosa\u201d<\/p>\n\n\n\n<p class=\"has-white-color has-text-color\">Contacto: Carolina Ca\u00f1adas<\/p>\n\n\n\n<p class=\"has-white-color has-text-color\">Correo: <a href=\"mailto:clourdes2017@gmail.com\" target=\"_blank\" rel=\"noreferrer noopener\">clourdes2017@gmail.com<\/a><\/p>\n<\/div><\/div>\n\n\n\n<p><\/p>\n","protected":false},"excerpt":{"rendered":"<p>Normal Superior &#8220;General Toribio de Luzuriaga&#8221; IES T-004 Contacto: Daniel Doffo Correo: bibliotecanormalsuperior@gmail.com Tecnicatura Superior en Enolog\u00eda e Industria de los alimentos Don Bosco PT &#8211; 021 Contacto: Adri\u00e1n Arga\u00f1araz Correo: aarganaraz@donbosco.org.ar INSTITUTO DE EDUCACI\u00d3N F\u00cdSICA&nbsp;NO.9-016. \u00abDR. JORGE&nbsp;E.&nbsp;COLL Contacto: Karen Mariano Correo: biblioteca@ief9-016.edu.ar Esc. Regional Cuyo de Cine y Video T017 Contacto: Sandra Nieto Correo: &#8230; <a title=\"Bibliotecas participantes\" class=\"read-more\" href=\"https:\/\/rebes.cf\/index.php\/bibliotecas-participantes\/\">Leer m\u00e1s <span class=\"screen-reader-text\">Bibliotecas participantes<\/span><\/a><\/p>\n","protected":false},"author":1,"featured_media":0,"parent":0,"menu_order":0,"comment_status":"closed","ping_status":"closed","template":"","meta":{"footnotes":""},"class_list":["post-366","page","type-page","status-publish"],"_links":{"self":[{"href":"https:\/\/rebes.cf\/index.php\/wp-json\/wp\/v2\/pages\/366","targetHints":{"allow":["GET"]}}],"collection":[{"href":"https:\/\/rebes.cf\/index.php\/wp-json\/wp\/v2\/pages"}],"about":[{"href":"https:\/\/rebes.cf\/index.php\/wp-json\/wp\/v2\/types\/page"}],"author":[{"embeddable":true,"href":"https:\/\/rebes.cf\/index.php\/wp-json\/wp\/v2\/users\/1"}],"replies":[{"embeddable":true,"href":"https:\/\/rebes.cf\/index.php\/wp-json\/wp\/v2\/comments?post=366"}],"version-history":[{"count":42,"href":"https:\/\/rebes.cf\/index.php\/wp-json\/wp\/v2\/pages\/366\/revisions"}],"predecessor-version":[{"id":719,"href":"https:\/\/rebes.cf\/index.php\/wp-json\/wp\/v2\/pages\/366\/revisions\/719"}],"wp:attachment":[{"href":"https:\/\/rebes.cf\/index.php\/wp-json\/wp\/v2\/media?parent=366"}],"curies":[{"name":"wp","href":"https:\/\/api.w.org\/{rel}","templated":true}]}}